{"id":6,"date":"2013-03-07T07:16:06","date_gmt":"2013-03-07T07:16:06","guid":{"rendered":"http:\/\/www.zumberacki-raj.com.hr\/?page_id=6"},"modified":"2013-05-07T06:17:57","modified_gmt":"2013-05-07T06:17:57","slug":"o-nama","status":"publish","type":"page","link":"http:\/\/www.zumberacki-raj.com.hr\/?page_id=6","title":{"rendered":"O nama"},"content":{"rendered":"<h3 style=\"text-align: justify;\"><span style=\"color: #003300;\">Nezaboravni do\u017eivljaj \u017dumberka<\/span><\/h3>\n<p>&nbsp;<\/p>\n<p style=\"text-align: justify;\">Nakon mnogo ulo\u017eenog truda i ljubavi u izgradnju i ure\u0111enje, vrata posjetiteljima je otvorio Bistro \u017eumbera\u010dki raj. Smje\u0161ten u netaknutoj prirodi, u srcu za\u0161ti\u0107enog Parka prirode, \u017dumberak a u malom slikovitom selu \u017damarija gdje svaki gost mo\u017ee u\u017eivati u \u017eumbera\u010dkom kraju.<\/p>\n<p style=\"text-align: justify;\">Samo selo se nalazi 4 km. sjeverozapadno od naselja Kostanjevac koje je i sjedi\u0161te op\u0107ine \u017dumberak.<\/p>\n<p style=\"text-align: justify;\">Elitno ure\u0111eni Bistro \u017dumbera\u010dki raj obitelji Miljenovi\u0107 sagra\u0111en je na temeljima zapu\u0161tenog obiteljskog gospodarstva, gdje u neposrednoj blizini uzgajamo povr\u0107e, vo\u0107e i stoku za potrebe na\u0161ih gostiju u restoranu.<\/p>\n<p>&nbsp;<br \/>\n\u00a0 \u00a0 \u00a0 \u00a0 \u00a0 \u00a0 \u00a0 \u00a0 \u00a0 \u00a0 \u00a0 \u00a0 \u00a0 \u00a0 \u00a0 \u00a0 \u00a0 \u00a0 \u00a0 \u00a0 \u00a0 \u00a0 \u00a0\u00a0\u00a0 <a href=\"http:\/\/www.zumberacki-raj.com.hr\/wp-content\/uploads\/2013\/03\/DSCF5017.jpg\"><img decoding=\"async\" loading=\"lazy\" class=\"size-medium wp-image-123 alignnone\" alt=\"DSCF5017\" src=\"http:\/\/www.zumberacki-raj.com.hr\/wp-content\/uploads\/2013\/03\/DSCF5017-300x225.jpg\" width=\"300\" height=\"225\" srcset=\"http:\/\/www.zumberacki-raj.com.hr\/wp-content\/uploads\/2013\/03\/DSCF5017-300x225.jpg 300w, http:\/\/www.zumberacki-raj.com.hr\/wp-content\/uploads\/2013\/03\/DSCF5017-1024x768.jpg 1024w\" sizes=\"(max-width: 300px) 100vw, 300px\" \/> \u00a0 \u00a0 \u00a0 <\/a><a href=\"http:\/\/www.zumberacki-raj.com.hr\/wp-content\/uploads\/2013\/03\/DSCF5116.jpg\"><img decoding=\"async\" loading=\"lazy\" class=\"alignnone size-medium wp-image-125\" alt=\"DSCF5116\" src=\"http:\/\/www.zumberacki-raj.com.hr\/wp-content\/uploads\/2013\/03\/DSCF5116-300x225.jpg\" width=\"300\" height=\"225\" srcset=\"http:\/\/www.zumberacki-raj.com.hr\/wp-content\/uploads\/2013\/03\/DSCF5116-300x225.jpg 300w, http:\/\/www.zumberacki-raj.com.hr\/wp-content\/uploads\/2013\/03\/DSCF5116-1024x768.jpg 1024w\" sizes=\"(max-width: 300px) 100vw, 300px\" \/><\/a><br \/>\n&nbsp;<\/p>\n<h3 style=\"text-align: justify;\"><span style=\"color: #003300;\">Pastrva iz vlastitog uzgoja<\/span><\/h3>\n<p>&nbsp;<\/p>\n<p style=\"text-align: justify;\">Iza samog restorana, tik u bistru rijeku, \u017dumbera\u010dku Kup\u010dinu imamo ribnjak sa pastrvama. Gurmani \u0107e u\u017eitak prona\u0107i u specijalitetima od svje\u017ee pastrve.<\/p>\n<p style=\"text-align: justify;\">Nudimo autohtona doma\u0107a jela, lova\u010dke specijalitete, jela po narud\u017ebi, jela s ra\u017enja, jela sa ro\u0161tilja te ostala jela i slastice po ve\u0107 zaboravljenim receptima.<\/p>\n<p>&nbsp;<\/p>\n<p style=\"text-align: justify;\"><a href=\"http:\/\/www.zumberacki-raj.com.hr\/wp-content\/uploads\/2013\/03\/DSCF5127.jpg\">\u00a0\u00a0\u00a0\u00a0\u00a0\u00a0\u00a0\u00a0\u00a0\u00a0\u00a0\u00a0\u00a0\u00a0\u00a0\u00a0\u00a0\u00a0\u00a0\u00a0\u00a0\u00a0\u00a0\u00a0\u00a0\u00a0\u00a0\u00a0\u00a0\u00a0\u00a0\u00a0\u00a0\u00a0\u00a0\u00a0\u00a0\u00a0\u00a0\u00a0\u00a0\u00a0\u00a0\u00a0\u00a0\u00a0 <img decoding=\"async\" loading=\"lazy\" class=\"alignnone size-medium wp-image-127\" alt=\"DSCF5127\" src=\"http:\/\/www.zumberacki-raj.com.hr\/wp-content\/uploads\/2013\/03\/DSCF5127-300x225.jpg\" width=\"300\" height=\"225\" srcset=\"http:\/\/www.zumberacki-raj.com.hr\/wp-content\/uploads\/2013\/03\/DSCF5127-300x225.jpg 300w, http:\/\/www.zumberacki-raj.com.hr\/wp-content\/uploads\/2013\/03\/DSCF5127-1024x768.jpg 1024w\" sizes=\"(max-width: 300px) 100vw, 300px\" \/><\/a> \u00a0 \u00a0 \u00a0\u00a0 <a href=\"http:\/\/www.zumberacki-raj.com.hr\/wp-content\/uploads\/2013\/05\/02052009038.jpg\"><img decoding=\"async\" loading=\"lazy\" class=\"alignnone size-medium wp-image-90\" alt=\"02052009(038)\" src=\"http:\/\/www.zumberacki-raj.com.hr\/wp-content\/uploads\/2013\/05\/02052009038-300x225.jpg\" width=\"300\" height=\"225\" srcset=\"http:\/\/www.zumberacki-raj.com.hr\/wp-content\/uploads\/2013\/05\/02052009038-300x225.jpg 300w, http:\/\/www.zumberacki-raj.com.hr\/wp-content\/uploads\/2013\/05\/02052009038-1024x768.jpg 1024w, http:\/\/www.zumberacki-raj.com.hr\/wp-content\/uploads\/2013\/05\/02052009038.jpg 1600w\" sizes=\"(max-width: 300px) 100vw, 300px\" \/><\/a><\/p>\n<p>&nbsp;<\/p>\n<p style=\"text-align: justify;\">U na\u0161oj ure\u0111enoj sali se mo\u017ee smjestiti 130 osoba a prikladna je za svadbe, krstitke, krizme, ro\u0111endane, kongrese ili za obi\u010dan predah od svakodnevnog napora. Na terasi mo\u017ee u\u017eivati 40 osoba.<\/p>\n<p style=\"text-align: justify;\">Doma\u0107i interijer je ure\u0161en raznovrsnim etnografskim predmetima okolnih sela te na\u0161e goste vra\u0107a u vrijeme kako se nekada \u017eivjelo, jelo i pilo.<\/p>\n<p>&nbsp;<br \/>\n\u00a0\u00a0\u00a0\u00a0\u00a0\u00a0\u00a0\u00a0\u00a0\u00a0\u00a0\u00a0\u00a0\u00a0\u00a0\u00a0\u00a0\u00a0\u00a0\u00a0\u00a0\u00a0\u00a0\u00a0\u00a0\u00a0\u00a0\u00a0\u00a0\u00a0\u00a0\u00a0\u00a0\u00a0\u00a0\u00a0\u00a0\u00a0\u00a0\u00a0\u00a0\u00a0\u00a0\u00a0\u00a0\u00a0 <img decoding=\"async\" style=\"border: 0px none;\" alt=\"\" src=\"http:\/\/www.zumberacki-raj.com.hr\/images\/stories\/stara32.jpg\" width=\"300\" border=\"0\" \/>\u00a0\u00a0\u00a0\u00a0\u00a0\u00a0\u00a0\u00a0 <img decoding=\"async\" style=\"border: 0px none;\" alt=\"\" src=\"http:\/\/www.zumberacki-raj.com.hr\/images\/stories\/detalj1.jpg\" width=\"300\" border=\"0\" \/><\/p>\n<p>&nbsp;<\/p>\n<p style=\"text-align: justify;\">Svakom gostu pristupamo individualno, tako da \u0107e se na\u0161e osoblje prilagoditi va\u0161im \u017eeljama i pripremiti vam kvalitetni doma\u0107i obrok koji ste izabrali.<\/p>\n<p style=\"text-align: justify;\">Ponekad zaboravimo da nije potrebno puno vremena i novaca da bi do\u0161li do raja.<\/p>\n<p style=\"text-align: justify;\">Posjetite nas i znajte da postoji raj na \u017dumberku.<\/p>\n<p style=\"text-align: justify;\">U\u017eivajte u bogatstvu prirode i po\u010dastite se doma\u0107om hranom u bistrou \u017dumbera\u010dki raj!<\/p>\n","protected":false},"excerpt":{"rendered":"<p>Nezaboravni do\u017eivljaj \u017dumberka &nbsp; Nakon mnogo ulo\u017eenog truda i ljubavi u izgradnju i ure\u0111enje, vrata posjetiteljima je otvorio Bistro \u017eumbera\u010dki raj. Smje\u0161ten u netaknutoj prirodi, u srcu za\u0161ti\u0107enog Parka prirode, \u017dumberak a u malom slikovitom selu \u017damarija gdje svaki gost mo\u017ee u\u017eivati u \u017eumbera\u010dkom kraju. Samo selo se nalazi 4 km. sjeverozapadno od naselja Kostanjevac [&hellip;]<\/p>\n","protected":false},"author":1,"featured_media":118,"parent":0,"menu_order":0,"comment_status":"open","ping_status":"open","template":"page-full.php","meta":{"ngg_post_thumbnail":0,"footnotes":""},"_links":{"self":[{"href":"http:\/\/www.zumberacki-raj.com.hr\/index.php?rest_route=\/wp\/v2\/pages\/6"}],"collection":[{"href":"http:\/\/www.zumberacki-raj.com.hr\/index.php?rest_route=\/wp\/v2\/pages"}],"about":[{"href":"http:\/\/www.zumberacki-raj.com.hr\/index.php?rest_route=\/wp\/v2\/types\/page"}],"author":[{"embeddable":true,"href":"http:\/\/www.zumberacki-raj.com.hr\/index.php?rest_route=\/wp\/v2\/users\/1"}],"replies":[{"embeddable":true,"href":"http:\/\/www.zumberacki-raj.com.hr\/index.php?rest_route=%2Fwp%2Fv2%2Fcomments&post=6"}],"version-history":[{"count":36,"href":"http:\/\/www.zumberacki-raj.com.hr\/index.php?rest_route=\/wp\/v2\/pages\/6\/revisions"}],"predecessor-version":[{"id":246,"href":"http:\/\/www.zumberacki-raj.com.hr\/index.php?rest_route=\/wp\/v2\/pages\/6\/revisions\/246"}],"wp:featuredmedia":[{"embeddable":true,"href":"http:\/\/www.zumberacki-raj.com.hr\/index.php?rest_route=\/wp\/v2\/media\/118"}],"wp:attachment":[{"href":"http:\/\/www.zumberacki-raj.com.hr\/index.php?rest_route=%2Fwp%2Fv2%2Fmedia&parent=6"}],"curies":[{"name":"wp","href":"https:\/\/api.w.org\/{rel}","templated":true}]}}